{"id":10,"date":"2017-06-06T00:12:50","date_gmt":"2017-06-06T04:12:50","guid":{"rendered":"https:\/\/abbayesaintemarie.ca\/fr\/?page_id=10"},"modified":"2018-04-30T07:03:21","modified_gmt":"2018-04-30T11:03:21","slug":"a-propos","status":"publish","type":"page","link":"https:\/\/abbayesaintemarie.ca\/fr\/a-propos\/","title":{"rendered":"\u00c0 Propos"},"content":{"rendered":"<p>[vc_row css_animation= &raquo; &raquo; row_type= &raquo;row &raquo; use_row_as_full_screen_section= &raquo;no &raquo; type= &raquo;grid &raquo; angled_section= &raquo;no &raquo; text_align= &raquo;left &raquo; background_image_as_pattern= &raquo;without_pattern &raquo; el_class= &raquo;lb_row_first &raquo;][vc_column][vc_column_text el_class= &raquo;lb_intro_p &raquo;]<\/p>\n<h2>La Liturgie<\/h2>\n<p>[\/vc_column_text][vc_column_text el_class= &raquo;lb_intro_p &raquo;]<\/p>\n<h3>LA PAROLE DE DIEU<\/h3>\n<p>[\/vc_column_text][vc_column_text el_class= &raquo;lb_intro_p &raquo;]Nous sommes des membres vivants du Corps du Christ et nous entrons en communion avec Dieu par la liturgie en unissant notre esprit et nos voix au Christ qui prie en pr\u00e9sence du P\u00e8re. Avec toute l\u2019\u00c9glise, nous faisons n\u00f4tre la pri\u00e8re du Christ quand nous chantons les psaumes, tir\u00e9s de la Bible, qui sont les paroles m\u00eames de Dieu. Dieu est au principe comme au terme de notre pri\u00e8re. C\u2019est pourquoi Saint Beno\u00eet appelait la liturgie \u00ab <em>Opus Dei<\/em> \u00bb, car elle est <em>l\u2019oeuvre de Dieu<\/em>\u2026 et pour notre p\u00e8re spirituel Saint Beno\u00eet, <em>rien ne doit \u00eatre pr\u00e9f\u00e9r\u00e9 \u00e0 l\u2019oeuvre de Dieu<\/em> (RB 43).[\/vc_column_text][\/vc_column][\/vc_row][vc_row css_animation= &raquo; &raquo; row_type= &raquo;row &raquo; use_row_as_full_screen_section= &raquo;no &raquo; type= &raquo;full_width &raquo; angled_section= &raquo;no &raquo; text_align= &raquo;left &raquo; background_image= &raquo;297&Prime; background_image_as_pattern= &raquo;without_pattern &raquo; el_class= &raquo;lb_row_quote_background &raquo;][vc_column][\/vc_column][\/vc_row][vc_row css_animation= &raquo; &raquo; row_type= &raquo;row &raquo; use_row_as_full_screen_section= &raquo;no &raquo; type= &raquo;full_width &raquo; angled_section= &raquo;no &raquo; text_align= &raquo;left &raquo; background_image_as_pattern= &raquo;without_pattern &raquo; el_class= &raquo;lb_row_quote &raquo;][vc_column width= &raquo;1\/2&Prime;][vc_column_text el_class= &raquo;lb_t_boxed &raquo;]<\/p>\n<blockquote>\n<p style=\"text-align: center;\">Avant tout qu\u2019ils prient ensemble,<br \/>\nPour qu\u2019ils puissent vivre dans la paix.<\/p>\n<\/blockquote>\n<p style=\"text-align: center;\"><em>Saint Beno\u00eet, La R\u00e8gle<\/em><\/p>\n<p>[\/vc_column_text][\/vc_column][vc_column width= &raquo;1\/2&Prime;][\/vc_column][\/vc_row][vc_row css_animation= &raquo; &raquo; row_type= &raquo;row &raquo; use_row_as_full_screen_section= &raquo;no &raquo; type= &raquo;grid &raquo; angled_section= &raquo;no &raquo; text_align= &raquo;left &raquo; background_image_as_pattern= &raquo;without_pattern &raquo; el_class= &raquo;lb_row_second &raquo;][vc_column width= &raquo;1\/2&Prime; el_class= &raquo;lb_tabletlg_hide &raquo;][\/vc_column][vc_column width= &raquo;1\/2&Prime; el_class= &raquo;lb_tabletlg_fullwidth &raquo;][vc_column_text el_class= &raquo;lb_intro_p &raquo;]<\/p>\n<h2 style=\"text-align: right;\">Prier, lire et travailler<\/h2>\n<p>[\/vc_column_text][vc_column_text el_class= &raquo;lb_intro_p &raquo;]<\/p>\n<h3 style=\"text-align: right;\">INTIMIT\u00c9 AVEC DIEU<\/h3>\n<p>[\/vc_column_text][vc_column_text el_class= &raquo;lb_intro_p &raquo;]<\/p>\n<p style=\"text-align: right;\">Prier c\u2019est passer du temps dans l\u2019intimit\u00e9 avec Dieu, comme deux amis qui se livrent dans un coeur \u00e0 coeur. La pri\u00e8re se vit dans le silence et la c\u00e9l\u00e9bration de la Parole de Dieu. La lecture divine, <em>ou Lectio Divina<\/em>, est un temps pr\u00e9cieux pour entendre la Parole de Dieu, tir\u00e9e de la Bible, la tradition de l\u2019\u00c9glise, et r\u00e9fl\u00e9chir sur les \u00e9crits des P\u00e8res de l\u2019\u00c9glise, les anciens commes les nouveaux. Tout travail accompli en harmonie avec la R\u00e8gle nous unit au Christ. Le travail accompli en Sa Pr\u00e9sence nous lie \u00e0 Son silence, Sa simplicit\u00e9, Son humilit\u00e9 et Sa charit\u00e9.<\/p>\n<p>[\/vc_column_text][\/vc_column][\/vc_row][vc_row css_animation= &raquo; &raquo; row_type= &raquo;row &raquo; use_row_as_full_screen_section= &raquo;no &raquo; type= &raquo;full_width &raquo; angled_section= &raquo;no &raquo; text_align= &raquo;left &raquo; background_image_as_pattern= &raquo;without_pattern &raquo; el_class= &raquo;lb_row_third &raquo;][vc_column][qode_elements_holder background_color= &raquo;#ffffff &raquo; number_of_columns= &raquo;two_columns &raquo; switch_to_one_column= &raquo;768&Prime; alignment_one_column= &raquo;center &raquo;][qode_elements_holder_item vertical_alignment= &raquo;middle &raquo; advanced_animations= &raquo;no &raquo;][vc_column_text el_class= &raquo;lb_tr_s &raquo;]<\/p>\n<h2>Vie fraternelle<\/h2>\n<h3>UNIES DANS LE CHRIST<\/h3>\n<p>Nous vivons ensemble comme des s\u0153urs autour de notre M\u00e8re Abbesse. Elle repr\u00e9sente le Christ parmi nous. Nous savons que chacune d\u2019entre nous est cr\u00e9\u00e9e \u00e0 l\u2019image de Dieu. Dieu se r\u00e9v\u00e8le \u00e0 nous dans notre quotidien: lorsque nous sommes r\u00e9unies pour prier, pour travailler, pour nous servir l\u2019une l\u2019autre, ou pour passer des moments de d\u00e9tente ensemble. Vivant le grand commandement de l\u2019Amour, nous formons une famille qui l\u2019emporte sur toutes les familles du monde en union, en affection, en oubli de soi, afin de rendre gloire \u00e0 Dieu en toutes choses.[\/vc_column_text][\/qode_elements_holder_item][qode_elements_holder_item vertical_alignment= &raquo;middle &raquo; advanced_animations= &raquo;no &raquo;][vc_single_image image= &raquo;192&Prime; img_size= &raquo;full &raquo; alignment= &raquo;right &raquo; qode_css_animation= &raquo; &raquo;][\/qode_elements_holder_item][\/qode_elements_holder][\/vc_column][\/vc_row][vc_row css_animation= &raquo; &raquo; row_type= &raquo;row &raquo; use_row_as_full_screen_section= &raquo;no &raquo; type= &raquo;full_width &raquo; angled_section= &raquo;no &raquo; text_align= &raquo;left &raquo; background_image_as_pattern= &raquo;without_pattern &raquo; el_class= &raquo;lb_row_fourth &raquo;][vc_column][qode_elements_holder background_color= &raquo;#ffffff &raquo; number_of_columns= &raquo;two_columns &raquo; switch_to_one_column= &raquo;768&Prime; alignment_one_column= &raquo;center &raquo;][qode_elements_holder_item vertical_alignment= &raquo;middle &raquo; advanced_animations= &raquo;no &raquo;][vc_single_image image= &raquo;46&Prime; img_size= &raquo;full &raquo; alignment= &raquo;right &raquo; qode_css_animation= &raquo; &raquo;][\/qode_elements_holder_item][qode_elements_holder_item vertical_alignment= &raquo;middle &raquo; advanced_animations= &raquo;no &raquo;][vc_column_text el_class= &raquo;lb_tr_s &raquo;]<\/p>\n<h2>Vivre le Myst\u00e8re Pascal<\/h2>\n<h3>UNE RENCONTRE AVEC <b>DIEU<\/b><\/h3>\n<p>Notre c\u00e9l\u00e9bration de l\u2019Eucharistie au quotidien est la source et le sommet de notre vie. Nous communions au Corps et au Sang du Christ pour devenir un seul Corps en Lui. L\u2019unit\u00e9 de notre communaut\u00e9, son int\u00e9gration dans l\u2019\u00c9glise, et sa f\u00e9condit\u00e9 spirituelle sont enracin\u00e9es dans cette communion \u00e0 Sa Mort et \u00e0 Sa R\u00e9surrection. Notre messe quotidienne est c\u00e9l\u00e9br\u00e9e avec un profond amour et le plus grand soin possible.[\/vc_column_text][\/qode_elements_holder_item][\/qode_elements_holder][\/vc_column][\/vc_row][vc_row css_animation= &raquo; &raquo; row_type= &raquo;row &raquo; use_row_as_full_screen_section= &raquo;no &raquo; type= &raquo;full_width &raquo; angled_section= &raquo;no &raquo; text_align= &raquo;left &raquo; background_image_as_pattern= &raquo;without_pattern &raquo; el_class= &raquo;lb_row_standard_top &raquo; css= &raquo;.vc_custom_1499275119592{background-image: url(https:\/\/abbayesaintemarie.ca\/fr\/wp-content\/uploads\/sites\/3\/2017\/06\/Abbaye-Sainte-Marie-Deux-Montagnes-0020-1920x900b.jpg?id=284) !important;} &raquo;][vc_column][vc_row_inner row_type= &raquo;row &raquo; type= &raquo;full_width &raquo; text_align= &raquo;left &raquo; css_animation= &raquo; &raquo;][vc_column_inner][\/vc_column_inner][\/vc_row_inner][\/vc_column][\/vc_row][vc_row css_animation= &raquo; &raquo; row_type= &raquo;row &raquo; use_row_as_full_screen_section= &raquo;no &raquo; type= &raquo;grid &raquo; angled_section= &raquo;no &raquo; text_align= &raquo;left &raquo; background_image_as_pattern= &raquo;without_pattern &raquo; el_class= &raquo;lb_row_god &raquo;][vc_column el_class= &raquo;lb_blocks &raquo;][vc_column_text el_class= &raquo;lb_t_boxed &raquo;]<\/p>\n<h2 style=\"text-align: center;\">Est-ce que Dieu t\u2019appelle ?<\/h2>\n<p style=\"text-align: center;\"><em>\u00ab \u00c9coute, mon enfant\u2026 <\/em><br \/>\n<em>et incline l\u2019oreille de ton coeur. \u00bb<\/em><\/p>\n<p style=\"text-align: center;\"><a  itemprop=\"url\" href=\"https:\/\/abbayesaintemarie.ca\/fr\/vocations\" target=\"_self\"  class=\"qbutton  default\" style=\"\">VOCATIONS<\/a><\/p>\n<p>[\/vc_column_text][\/vc_column][\/vc_row]<\/p>\n","protected":false},"excerpt":{"rendered":"<p>[vc_row css_animation= &raquo; &raquo; row_type= &raquo;row &raquo; use_row_as_full_screen_section= &raquo;no &raquo; type= &raquo;grid &raquo; angled_section= &raquo;no &raquo; text_align= &raquo;left &raquo; background_image_as_pattern= &raquo;without_pattern &raquo; el_class= &raquo;lb_row_first &raquo;][vc_column][vc_column_text el_class= &raquo;lb_intro_p &raquo;] La Liturgie [\/vc_column_text][vc_column_text el_class= &raquo;lb_intro_p &raquo;] LA PAROLE DE DIEU [\/vc_column_text][vc_column_text el_class= &raquo;lb_intro_p &raquo;]Nous sommes des membres&#8230;<\/p>\n","protected":false},"author":2,"featured_media":0,"parent":0,"menu_order":0,"comment_status":"closed","ping_status":"closed","template":"full_width.php","meta":{"inline_featured_image":false},"yoast_head":"<!-- This site is optimized with the Yoast SEO plugin v19.6.1 - https:\/\/yoast.com\/wordpress\/plugins\/seo\/ -->\n<title>\u00c0 Propos - Abbaye Sainte-Marie des Deux-Montagnes<\/title>\n<meta name=\"description\" content=\"We search for God in silence and reflection. Learn more about the prayer and life of the Benedictine Sisters of the Abbey of Sainte-Marie de Deux-Montagnes.\" \/>\n<meta name=\"robots\" content=\"index, follow, max-snippet:-1, max-image-preview:large, max-video-preview:-1\" \/>\n<link rel=\"canonical\" href=\"https:\/\/abbayesaintemarie.ca\/fr\/a-propos\/\" \/>\n<meta property=\"og:locale\" content=\"fr_CA\" \/>\n<meta property=\"og:type\" content=\"article\" \/>\n<meta property=\"og:title\" content=\"\u00c0 Propos - Abbaye Sainte-Marie des Deux-Montagnes\" \/>\n<meta property=\"og:description\" content=\"We search for God in silence and reflection. Learn more about the prayer and life of the Benedictine Sisters of the Abbey of Sainte-Marie de Deux-Montagnes.\" \/>\n<meta property=\"og:url\" content=\"https:\/\/abbayesaintemarie.ca\/fr\/a-propos\/\" \/>\n<meta property=\"og:site_name\" content=\"Abbaye Sainte-Marie des Deux-Montagnes\" \/>\n<meta property=\"article:modified_time\" content=\"2018-04-30T11:03:21+00:00\" \/>\n<meta name=\"twitter:card\" content=\"summary\" \/>\n<meta name=\"twitter:label1\" content=\"Estimation du temps de lecture\" \/>\n\t<meta name=\"twitter:data1\" content=\"6 minutes\" \/>\n<script type=\"application\/ld+json\" class=\"yoast-schema-graph\">{\"@context\":\"https:\/\/schema.org\",\"@graph\":[{\"@type\":\"WebPage\",\"@id\":\"https:\/\/abbayesaintemarie.ca\/fr\/a-propos\/\",\"url\":\"https:\/\/abbayesaintemarie.ca\/fr\/a-propos\/\",\"name\":\"\u00c0 Propos - Abbaye Sainte-Marie des Deux-Montagnes\",\"isPartOf\":{\"@id\":\"https:\/\/abbayesaintemarie.ca\/fr\/#website\"},\"datePublished\":\"2017-06-06T04:12:50+00:00\",\"dateModified\":\"2018-04-30T11:03:21+00:00\",\"description\":\"We search for God in silence and reflection. Learn more about the prayer and life of the Benedictine Sisters of the Abbey of Sainte-Marie de Deux-Montagnes.\",\"breadcrumb\":{\"@id\":\"https:\/\/abbayesaintemarie.ca\/fr\/a-propos\/#breadcrumb\"},\"inLanguage\":\"fr-CA\",\"potentialAction\":[{\"@type\":\"ReadAction\",\"target\":[\"https:\/\/abbayesaintemarie.ca\/fr\/a-propos\/\"]}]},{\"@type\":\"BreadcrumbList\",\"@id\":\"https:\/\/abbayesaintemarie.ca\/fr\/a-propos\/#breadcrumb\",\"itemListElement\":[{\"@type\":\"ListItem\",\"position\":1,\"name\":\"Home\",\"item\":\"https:\/\/abbayesaintemarie.ca\/fr\/\"},{\"@type\":\"ListItem\",\"position\":2,\"name\":\"\u00c0 Propos\"}]},{\"@type\":\"WebSite\",\"@id\":\"https:\/\/abbayesaintemarie.ca\/fr\/#website\",\"url\":\"https:\/\/abbayesaintemarie.ca\/fr\/\",\"name\":\"Abbaye Sainte-Marie des Deux-Montagnes\",\"description\":\"Benedictine Monastery of the Congregation of Solesmes\",\"potentialAction\":[{\"@type\":\"SearchAction\",\"target\":{\"@type\":\"EntryPoint\",\"urlTemplate\":\"https:\/\/abbayesaintemarie.ca\/fr\/?s={search_term_string}\"},\"query-input\":\"required name=search_term_string\"}],\"inLanguage\":\"fr-CA\"}]}<\/script>\n<!-- \/ Yoast SEO plugin. -->","yoast_head_json":{"title":"\u00c0 Propos - Abbaye Sainte-Marie des Deux-Montagnes","description":"We search for God in silence and reflection. Learn more about the prayer and life of the Benedictine Sisters of the Abbey of Sainte-Marie de Deux-Montagnes.","robots":{"index":"index","follow":"follow","max-snippet":"max-snippet:-1","max-image-preview":"max-image-preview:large","max-video-preview":"max-video-preview:-1"},"canonical":"https:\/\/abbayesaintemarie.ca\/fr\/a-propos\/","og_locale":"fr_CA","og_type":"article","og_title":"\u00c0 Propos - Abbaye Sainte-Marie des Deux-Montagnes","og_description":"We search for God in silence and reflection. Learn more about the prayer and life of the Benedictine Sisters of the Abbey of Sainte-Marie de Deux-Montagnes.","og_url":"https:\/\/abbayesaintemarie.ca\/fr\/a-propos\/","og_site_name":"Abbaye Sainte-Marie des Deux-Montagnes","article_modified_time":"2018-04-30T11:03:21+00:00","twitter_card":"summary","twitter_misc":{"Estimation du temps de lecture":"6 minutes"},"schema":{"@context":"https:\/\/schema.org","@graph":[{"@type":"WebPage","@id":"https:\/\/abbayesaintemarie.ca\/fr\/a-propos\/","url":"https:\/\/abbayesaintemarie.ca\/fr\/a-propos\/","name":"\u00c0 Propos - Abbaye Sainte-Marie des Deux-Montagnes","isPartOf":{"@id":"https:\/\/abbayesaintemarie.ca\/fr\/#website"},"datePublished":"2017-06-06T04:12:50+00:00","dateModified":"2018-04-30T11:03:21+00:00","description":"We search for God in silence and reflection. Learn more about the prayer and life of the Benedictine Sisters of the Abbey of Sainte-Marie de Deux-Montagnes.","breadcrumb":{"@id":"https:\/\/abbayesaintemarie.ca\/fr\/a-propos\/#breadcrumb"},"inLanguage":"fr-CA","potentialAction":[{"@type":"ReadAction","target":["https:\/\/abbayesaintemarie.ca\/fr\/a-propos\/"]}]},{"@type":"BreadcrumbList","@id":"https:\/\/abbayesaintemarie.ca\/fr\/a-propos\/#breadcrumb","itemListElement":[{"@type":"ListItem","position":1,"name":"Home","item":"https:\/\/abbayesaintemarie.ca\/fr\/"},{"@type":"ListItem","position":2,"name":"\u00c0 Propos"}]},{"@type":"WebSite","@id":"https:\/\/abbayesaintemarie.ca\/fr\/#website","url":"https:\/\/abbayesaintemarie.ca\/fr\/","name":"Abbaye Sainte-Marie des Deux-Montagnes","description":"Benedictine Monastery of the Congregation of Solesmes","potentialAction":[{"@type":"SearchAction","target":{"@type":"EntryPoint","urlTemplate":"https:\/\/abbayesaintemarie.ca\/fr\/?s={search_term_string}"},"query-input":"required name=search_term_string"}],"inLanguage":"fr-CA"}]}},"_links":{"self":[{"href":"https:\/\/abbayesaintemarie.ca\/fr\/wp-json\/wp\/v2\/pages\/10"}],"collection":[{"href":"https:\/\/abbayesaintemarie.ca\/fr\/wp-json\/wp\/v2\/pages"}],"about":[{"href":"https:\/\/abbayesaintemarie.ca\/fr\/wp-json\/wp\/v2\/types\/page"}],"author":[{"embeddable":true,"href":"https:\/\/abbayesaintemarie.ca\/fr\/wp-json\/wp\/v2\/users\/2"}],"replies":[{"embeddable":true,"href":"https:\/\/abbayesaintemarie.ca\/fr\/wp-json\/wp\/v2\/comments?post=10"}],"version-history":[{"count":44,"href":"https:\/\/abbayesaintemarie.ca\/fr\/wp-json\/wp\/v2\/pages\/10\/revisions"}],"predecessor-version":[{"id":523,"href":"https:\/\/abbayesaintemarie.ca\/fr\/wp-json\/wp\/v2\/pages\/10\/revisions\/523"}],"wp:attachment":[{"href":"https:\/\/abbayesaintemarie.ca\/fr\/wp-json\/wp\/v2\/media?parent=10"}],"curies":[{"name":"wp","href":"https:\/\/api.w.org\/{rel}","templated":true}]}}